{"id":289,"date":"2023-11-20T12:25:25","date_gmt":"2023-11-20T15:25:25","guid":{"rendered":"http:\/\/nys.s2.imacom.cl\/?page_id=289"},"modified":"2023-11-22T21:37:02","modified_gmt":"2023-11-23T00:37:02","slug":"odontologia","status":"publish","type":"page","link":"https:\/\/www.nysclinicas.cl\/sitio\/odontologia\/","title":{"rendered":"Odontolog\u00eda"},"content":{"rendered":"[vc_row][vc_column][vc_column_text][\/vc_column_text][\/vc_column][\/vc_row][vc_row fullwidth=\u00bbtrue\u00bb el_class=\u00bbcabecera\u00bb][vc_column width=\u00bb1\/6&#8243;][\/vc_column][vc_column width=\u00bb2\/6&#8243;][mk_image src=\u00bb\/sitio\/wp-content\/uploads\/2019\/01\/titulo-3.png\u00bb image_size=\u00bbfull\u00bb align=\u00bbcenter\u00bb margin_bottom=\u00bb0&#8243;][\/vc_column][vc_column width=\u00bb2\/6&#8243;][mk_padding_divider size=\u00bb95&#8243; visibility=\u00bbhidden-sm\u00bb][mk_fancy_title color=\u00bb#ffffff\u00bb size=\u00bb45&#8243; force_font_size=\u00bbtrue\u00bb size_smallscreen=\u00bb40&#8243; size_tablet=\u00bb30&#8243; size_phone=\u00bb30&#8243; font_weight=\u00bbbold\u00bb font_style=\u00bbnormal\u00bb txt_transform=\u00bbuppercase\u00bb margin_bottom=\u00bb0&#8243; font_family=\u00bbnone\u00bb align=\u00bbright\u00bb el_class=\u00bbmargin0&#8243;]Odontolog\u00eda[\/mk_fancy_title][\/vc_column][vc_column width=\u00bb1\/6&#8243;][\/vc_column][\/vc_row][vc_row][vc_column][vc_column_text][\/vc_column_text][vc_row_inner el_id=\u00bburgencias\u00bb][vc_column_inner width=\u00bb2\/3&#8243;][mk_padding_divider size=\u00bb100&#8243; visibility=\u00bbhidden-sm\u00bb][mk_fancy_title color=\u00bb#e9a63c\u00bb size=\u00bb40&#8243; font_weight=\u00bbbold\u00bb font_style=\u00bbnormal\u00bb margin_bottom=\u00bb0&#8243; font_family=\u00bbnone\u00bb]Urgencias dentales 24 hrs[\/mk_fancy_title][mk_fancy_title color=\u00bb#9c9c9c\u00bb font_weight=\u00bb400&#8243; font_style=\u00bbnormal\u00bb font_family=\u00bbnone\u00bb]\n<p style=\"text-align: justify;\">Corresponde a la atenci\u00f3n de diversas patolog\u00edas bucomaxilofaciales de car\u00e1cter agudo y comienzo repentino. Las urgencias dentales se atienden de forma inmediata por un equipo de profesionales con experiencia en urgencias odontol\u00f3gicas.<\/p>\n<p>&nbsp;<\/p>\n<h4>Fono: +56 51 2212757<\/h4>\n[\/mk_fancy_title][\/vc_column_inner][vc_column_inner width=\u00bb1\/3&#8243;][mk_image src=\u00bbhttp:\/\/www.nysclinicas.cl\/sitio\/wp-content\/uploads\/2019\/01\/e-medicas-psicologia.png\u00bb image_size=\u00bbfull\u00bb][\/vc_column_inner][\/vc_row_inner][vc_separator border_width=\u00bb2&#8243; css=\u00bb.vc_custom_1547584999351{margin-top: 30px !important;margin-bottom: 30px !important;}\u00bb][\/vc_column][\/vc_row][vc_row id=\u00bbteleconsulta\u00bb][vc_column][vc_column_text][\/vc_column_text][vc_row_inner][vc_column_inner width=\u00bb2\/3&#8243;][mk_padding_divider size=\u00bb100&#8243; visibility=\u00bbhidden-sm\u00bb][mk_fancy_title color=\u00bb#e9a63c\u00bb size=\u00bb40&#8243; font_weight=\u00bbbold\u00bb font_style=\u00bbnormal\u00bb margin_bottom=\u00bb0&#8243; font_family=\u00bbnone\u00bb]Teleconsulta dental gratis[\/mk_fancy_title][mk_fancy_title color=\u00bb#9c9c9c\u00bb font_weight=\u00bb400&#8243; font_style=\u00bbnormal\u00bb font_family=\u00bbnone\u00bb]\n<p style=\"text-align: justify;\">En N&amp;S Clinicas hemos implementado el concepto de teleconsulta para pacientes de forma gratuita, para que no te alejes de tu pr\u00e1ctica dental.<\/p>\n[\/mk_fancy_title][\/vc_column_inner][vc_column_inner width=\u00bb1\/3&#8243;][mk_image src=\u00bbhttps:\/\/www.nysclinicas.cl\/sitio\/wp-content\/uploads\/2019\/01\/planes-4.png\u00bb image_size=\u00bbfull\u00bb][\/vc_column_inner][\/vc_row_inner][\/vc_column][\/vc_row][vc_row][vc_column][vc_separator border_width=\u00bb2&#8243; css=\u00bb.vc_custom_1547584999351{margin-top: 30px !important;margin-bottom: 30px !important;}\u00bb][\/vc_column][\/vc_row][vc_row fullwidth=\u00bbtrue\u00bb fullwidth_content=\u00bbfalse\u00bb css=\u00bb.vc_custom_1700498277540{margin-top: 35px !important;}\u00bb id=\u00bbortodoncia\u00bb][vc_column width=\u00bb2\/3&#8243;][mk_padding_divider size=\u00bb50&#8243;][mk_fancy_title color=\u00bb#e9a63c\u00bb size=\u00bb40&#8243; font_weight=\u00bbbold\u00bb font_style=\u00bbnormal\u00bb margin_bottom=\u00bb0&#8243; font_family=\u00bbnone\u00bb]Ortodoncia[\/mk_fancy_title][mk_fancy_title color=\u00bb#9c9c9c\u00bb font_weight=\u00bb400&#8243; font_style=\u00bbnormal\u00bb margin_bottom=\u00bb0&#8243; font_family=\u00bbnone\u00bb]\n<p style=\"text-align: justify;\">Es una especialidad que trata defectos de ubicaci\u00f3n y posici\u00f3n de los dientes, y huesos maxilares. Se utilizan una serie de aparatos para corregir los defectos. Bas\u00e1ndose todos en la aplicaci\u00f3n\u00a0 correcta de distintas fuerzas. Generalmente se trabaja en conjunto con fonoaudi\u00f3logo y kinesi\u00f3logo, ya que muchas alteraciones van m\u00e1s all\u00e1 de los tejidos duros, involucrando malos h\u00e1bitos de posici\u00f3n muscular.<\/p>\n[\/mk_fancy_title][\/vc_column][vc_column width=\u00bb1\/3&#8243;][mk_image src=\u00bb\/sitio\/wp-content\/uploads\/2019\/01\/e-odontologicas-2.png\u00bb image_size=\u00bbfull\u00bb align=\u00bbcenter\u00bb margin_bottom=\u00bb0&#8243;][\/vc_column][\/vc_row][vc_row][vc_column][vc_separator border_width=\u00bb2&#8243; css=\u00bb.vc_custom_1547584999351{margin-top: 30px !important;margin-bottom: 30px !important;}\u00bb][\/vc_column][\/vc_row][vc_row fullwidth=\u00bbtrue\u00bb fullwidth_content=\u00bbfalse\u00bb css=\u00bb.vc_custom_1553274089826{margin-top: 35px !important;}\u00bb id=\u00bbimplantes\u00bb][vc_column width=\u00bb2\/3&#8243;][mk_padding_divider size=\u00bb50&#8243;][mk_fancy_title color=\u00bb#e9a63c\u00bb size=\u00bb40&#8243; font_weight=\u00bbbold\u00bb font_style=\u00bbnormal\u00bb margin_bottom=\u00bb0&#8243; font_family=\u00bbnone\u00bb]Implantes de Titanio[\/mk_fancy_title][mk_fancy_title color=\u00bb#9c9c9c\u00bb font_weight=\u00bb400&#8243; font_style=\u00bbnormal\u00bb margin_bottom=\u00bb0&#8243; font_family=\u00bbnone\u00bb]\n<p style=\"text-align: justify;\">Especialidad odontol\u00f3gica que se ocupa de reemplazar dientes perdidos mediante implantes de titanio. Devolviendo la est\u00e9tica y la funci\u00f3n.<\/p>\n<p>&nbsp;<\/p>\n<p style=\"text-align: justify;\">Nuestros profesionales especialistas <strong>con m\u00e1s de 35 a\u00f1os de experiencia<\/strong> realizan diagn\u00f3stico, planes de tratamiento, pron\u00f3stico y rehabilitaci\u00f3n con la m\u00e1s alta tecnolog\u00eda.<\/p>\n[\/mk_fancy_title][\/vc_column][vc_column width=\u00bb1\/3&#8243;][mk_image src=\u00bbhttp:\/\/www.nysclinicas.cl\/sitio\/wp-content\/uploads\/2019\/01\/e-odontologicas-7.png\u00bb image_size=\u00bbfull\u00bb align=\u00bbcenter\u00bb margin_bottom=\u00bb0&#8243;][\/vc_column][\/vc_row][vc_row][vc_column][vc_separator border_width=\u00bb2&#8243; css=\u00bb.vc_custom_1547584999351{margin-top: 30px !important;margin-bottom: 30px !important;}\u00bb][\/vc_column][\/vc_row][vc_row][vc_column width=\u00bb2\/3&#8243;][vc_row_inner el_id=\u00bbblanqueamiento\u00bb][vc_column_inner][mk_padding_divider size=\u00bb100&#8243; visibility=\u00bbhidden-sm\u00bb][mk_fancy_title color=\u00bb#e9a63c\u00bb size=\u00bb40&#8243; font_weight=\u00bbbold\u00bb font_style=\u00bbnormal\u00bb margin_bottom=\u00bb0&#8243; font_family=\u00bbnone\u00bb]Blanqueamiento Dental[\/mk_fancy_title][mk_fancy_title color=\u00bb#9c9c9c\u00bb font_weight=\u00bb400&#8243; font_style=\u00bbnormal\u00bb font_family=\u00bbnone\u00bb]En la odontolog\u00eda est\u00e9tica, el blanqueamiento dental es un tratamiento dental est\u00e9tico que logra mejorar la sonrisa con unos dientes mas blancos y m\u00e1s brillantes. Eliminando pigmentaciones y manchas extr\u00ednsecas como resultado de comer y beber ciertos alimentos y bebidas o producto de la edad.[\/mk_fancy_title][\/vc_column_inner][\/vc_row_inner][\/vc_column][vc_column width=\u00bb1\/3&#8243;][mk_image src=\u00bbhttp:\/\/www.nysclinicas.cl\/sitio\/wp-content\/uploads\/2019\/03\/blanqueamiento-circulo.png\u00bb image_size=\u00bbfull\u00bb][\/vc_column][\/vc_row][vc_row][vc_column][vc_separator border_width=\u00bb2&#8243; css=\u00bb.vc_custom_1547584999351{margin-top: 30px !important;margin-bottom: 30px !important;}\u00bb][\/vc_column][\/vc_row][vc_row fullwidth=\u00bbtrue\u00bb fullwidth_content=\u00bbfalse\u00bb css=\u00bb.vc_custom_1553274308216{margin-top: 35px !important;}\u00bb id=\u00bbestetica\u00bb][vc_column width=\u00bb2\/3&#8243;][mk_padding_divider size=\u00bb100&#8243; visibility=\u00bbhidden-sm\u00bb][mk_fancy_title color=\u00bb#e9a63c\u00bb size=\u00bb40&#8243; force_font_size=\u00bbtrue\u00bb size_smallscreen=\u00bb40&#8243; size_tablet=\u00bb40&#8243; size_phone=\u00bb38&#8243; font_weight=\u00bbbold\u00bb font_style=\u00bbnormal\u00bb margin_bottom=\u00bb0&#8243; font_family=\u00bbnone\u00bb]Est\u00e9tica Facial y Dental[\/mk_fancy_title][mk_fancy_title color=\u00bb#9c9c9c\u00bb font_weight=\u00bb400&#8243; font_style=\u00bbnormal\u00bb margin_bottom=\u00bb0&#8243; font_family=\u00bbnone\u00bb]\n<p style=\"text-align: justify;\">Es la rama de la Odontolog\u00eda que se encarga de la salud bucal y el equilibrio est\u00e9tico de la boca en su totalidad en conjunto con la est\u00e9tica facial. La est\u00e9tica facial estudia la naturaleza de la belleza y la percepci\u00f3n de la misma por parte de las personas. Lograr la armon\u00eda bucomaxilofacial tiene efectos f\u00edsicos y psicol\u00f3gicos que mejoran la calidad de vida.<\/p>\n[\/mk_fancy_title][\/vc_column][vc_column width=\u00bb1\/3&#8243;][mk_image src=\u00bbhttp:\/\/www.nysclinicas.cl\/sitio\/wp-content\/uploads\/2019\/03\/estetica-facial.png\u00bb image_size=\u00bbfull\u00bb align=\u00bbcenter\u00bb margin_bottom=\u00bb0&#8243;][\/vc_column][\/vc_row][vc_row][vc_column][vc_separator border_width=\u00bb2&#8243; css=\u00bb.vc_custom_1547584999351{margin-top: 30px !important;margin-bottom: 30px !important;}\u00bb][\/vc_column][\/vc_row][vc_row fullwidth=\u00bbtrue\u00bb fullwidth_content=\u00bbfalse\u00bb css=\u00bb.vc_custom_1553274394000{margin-top: 35px !important;margin-bottom: 50px !important;}\u00bb id=\u00bbrehabilitacion\u00bb][vc_column width=\u00bb2\/3&#8243;][mk_padding_divider size=\u00bb60&#8243; visibility=\u00bbhidden-sm\u00bb][mk_fancy_title color=\u00bb#e9a63c\u00bb size=\u00bb40&#8243; font_weight=\u00bbbold\u00bb font_style=\u00bbnormal\u00bb margin_bottom=\u00bb0&#8243; font_family=\u00bbnone\u00bb]Rehabilitaci\u00f3n Oral[\/mk_fancy_title][mk_fancy_title color=\u00bb#9c9c9c\u00bb font_weight=\u00bb400&#8243; font_style=\u00bbnormal\u00bb margin_bottom=\u00bb0&#8243; font_family=\u00bbnone\u00bb]\n<p style=\"text-align: justify;\">Esta especialidad combina rehabilitaci\u00f3n de forma integral las \u00e1reas de pr\u00f3tesis removible, pr\u00f3tesis fija, est\u00e9tica, operatoria (tapaduras), Implantolog\u00eda y oclusi\u00f3n. Tratan pacientes de alta complejidad, que han perdido muchas piezas dentarias o con alteraciones complejas de su boca.<\/p>\n[\/mk_fancy_title][\/vc_column][vc_column width=\u00bb1\/3&#8243;][mk_image src=\u00bb\/sitio\/wp-content\/uploads\/2019\/01\/e-odontologicas-9.png\u00bb image_width=\u00bb300&#8243; image_height=\u00bb351&#8243; align=\u00bbcenter\u00bb margin_bottom=\u00bb0&#8243;][\/vc_column][\/vc_row][vc_row][vc_column][vc_separator border_width=\u00bb2&#8243; css=\u00bb.vc_custom_1547584999351{margin-top: 30px !important;margin-bottom: 30px !important;}\u00bb][\/vc_column][\/vc_row][vc_row fullwidth=\u00bbtrue\u00bb fullwidth_content=\u00bbfalse\u00bb css=\u00bb.vc_custom_1548072732104{margin-top: 35px !important;}\u00bb id=\u00bbodonpediatria\u00bb][vc_column width=\u00bb2\/3&#8243;][mk_padding_divider size=\u00bb100&#8243; visibility=\u00bbhidden-sm\u00bb][mk_fancy_title color=\u00bb#e9a63c\u00bb size=\u00bb40&#8243; force_font_size=\u00bbtrue\u00bb size_smallscreen=\u00bb40&#8243; size_tablet=\u00bb40&#8243; size_phone=\u00bb38&#8243; font_weight=\u00bbbold\u00bb font_style=\u00bbnormal\u00bb margin_bottom=\u00bb0&#8243; font_family=\u00bbnone\u00bb]Odontopediatr\u00eda[\/mk_fancy_title][mk_fancy_title color=\u00bb#9c9c9c\u00bb font_weight=\u00bb400&#8243; font_style=\u00bbnormal\u00bb margin_bottom=\u00bb0&#8243; font_family=\u00bbnone\u00bb]\n<p style=\"text-align: justify;\">Abarca la atenci\u00f3n integral de ni\u00f1os hasta los 14 a\u00f1os. Enfocados en la prevenci\u00f3n de las caries mediante la aplicaci\u00f3n de fl\u00faor y sellantes, el tratamiento de las caries y la detecci\u00f3n temprana de anomal\u00edas dentomaxilares con derivaci\u00f3n al ortodoncista.<\/p>\n<p>&nbsp;<\/p>\n<p style=\"text-align: justify;\">El profesional Odontopediatra est\u00e1 capacitado para atender ni\u00f1os de dif\u00edcil manejo o con capacidades diferentes.<\/p>\n[\/mk_fancy_title][\/vc_column][vc_column width=\u00bb1\/3&#8243;][mk_image src=\u00bb\/sitio\/wp-content\/uploads\/2019\/01\/e-odontologicas-3.png\u00bb image_size=\u00bbfull\u00bb align=\u00bbcenter\u00bb margin_bottom=\u00bb0&#8243;][\/vc_column][\/vc_row][vc_row][vc_column][vc_separator border_width=\u00bb2&#8243; css=\u00bb.vc_custom_1547584999351{margin-top: 30px !important;margin-bottom: 30px !important;}\u00bb][\/vc_column][\/vc_row][vc_row fullwidth=\u00bbtrue\u00bb fullwidth_content=\u00bbfalse\u00bb css=\u00bb.vc_custom_1548072758535{margin-top: 35px !important;margin-bottom: 50px !important;}\u00bb id=\u00bbendodoncia\u00bb][vc_column width=\u00bb2\/3&#8243;][mk_padding_divider size=\u00bb80&#8243; visibility=\u00bbhidden-sm\u00bb][mk_fancy_title color=\u00bb#e9a63c\u00bb size=\u00bb40&#8243; font_weight=\u00bbbold\u00bb font_style=\u00bbnormal\u00bb margin_bottom=\u00bb0&#8243; font_family=\u00bbnone\u00bb]Endodoncia[\/mk_fancy_title][mk_fancy_title color=\u00bb#9c9c9c\u00bb font_weight=\u00bb400&#8243; font_style=\u00bbnormal\u00bb margin_bottom=\u00bb0&#8243; font_family=\u00bbnone\u00bb]\n<p style=\"text-align: justify;\">Corresponde a una especialidad preventiva, dado que evita las exodoncias de piezas dentarias. Se enfoca en tratar los dientes removiendo la zona vital o pulpa dentaria de sus ra\u00edces cuando se encuentra da\u00f1ada por caries o por trauma.<\/p>\n[\/mk_fancy_title][\/vc_column][vc_column width=\u00bb1\/3&#8243;][mk_image src=\u00bb\/sitio\/wp-content\/uploads\/2019\/01\/e-odontologicas-5.png\u00bb image_size=\u00bbfull\u00bb align=\u00bbcenter\u00bb margin_bottom=\u00bb0&#8243;][\/vc_column][\/vc_row][vc_row][vc_column][vc_separator border_width=\u00bb2&#8243; css=\u00bb.vc_custom_1547584999351{margin-top: 30px !important;margin-bottom: 30px !important;}\u00bb][\/vc_column][\/vc_row][vc_row fullwidth=\u00bbtrue\u00bb fullwidth_content=\u00bbfalse\u00bb css=\u00bb.vc_custom_1548072745368{margin-top: 35px !important;}\u00bb id=\u00bbperiodoncia\u00bb][vc_column width=\u00bb2\/3&#8243;][mk_padding_divider size=\u00bb50&#8243;][mk_fancy_title color=\u00bb#e9a63c\u00bb size=\u00bb40&#8243; font_weight=\u00bbbold\u00bb font_style=\u00bbnormal\u00bb margin_bottom=\u00bb0&#8243; font_family=\u00bbnone\u00bb]Periodoncia ( tratamiento de encias)[\/mk_fancy_title][mk_fancy_title color=\u00bb#9c9c9c\u00bb font_weight=\u00bb400&#8243; font_style=\u00bbnormal\u00bb margin_bottom=\u00bb0&#8243; font_family=\u00bbnone\u00bb]\n<p style=\"text-align: justify;\">Especialidad centrada en el diagn\u00f3stico, tratamiento y prevenci\u00f3n de los tejidos que sostienen los dientes; enc\u00edas, ligamento periodontal, cemento radicular y hueso.<\/p>\n<p>&nbsp;<\/p>\n<p style=\"text-align: justify;\">Las enfermedades m\u00e1s prevalentes son la gingivitis (inflamaci\u00f3n de las enc\u00edas) y periodontitis (infecci\u00f3n del hueso con la consecuente reabsorci\u00f3n de este).<\/p>\n<p>&nbsp;<\/p>\n<p style=\"text-align: justify;\">Ambas enfermedades al no ser tratadas a tiempo pueden conllevar a la ca\u00edda de los dientes por p\u00e9rdida del tejido de sost\u00e9n y tener repercusiones en el resto del organismo<\/p>\n[\/mk_fancy_title][\/vc_column][vc_column width=\u00bb1\/3&#8243;][mk_image src=\u00bb\/sitio\/wp-content\/uploads\/2019\/01\/e-odontologicas-4.png\u00bb image_size=\u00bbfull\u00bb align=\u00bbcenter\u00bb margin_bottom=\u00bb0&#8243;][\/vc_column][\/vc_row][vc_row][vc_column][vc_separator border_width=\u00bb2&#8243; css=\u00bb.vc_custom_1547584999351{margin-top: 30px !important;margin-bottom: 30px !important;}\u00bb][\/vc_column][\/vc_row][vc_row fullwidth=\u00bbtrue\u00bb fullwidth_content=\u00bbfalse\u00bb css=\u00bb.vc_custom_1700498237045{margin-top: 35px !important;}\u00bb id=\u00bbcirugiabucal\u00bb][vc_column width=\u00bb2\/3&#8243;][mk_padding_divider size=\u00bb50&#8243;][mk_fancy_title color=\u00bb#e9a63c\u00bb size=\u00bb40&#8243; font_weight=\u00bbbold\u00bb font_style=\u00bbnormal\u00bb font_family=\u00bbnone\u00bb]Cirug\u00eda bucal y Maxilofacial[\/mk_fancy_title][mk_fancy_title color=\u00bb#9c9c9c\u00bb font_weight=\u00bb400&#8243; font_style=\u00bbnormal\u00bb margin_bottom=\u00bb0&#8243; font_family=\u00bbnone\u00bb]\n<p style=\"text-align: justify;\">Esta \u00e1rea de la odontolog\u00eda de intervenciones quir\u00fargicas, generalmente poco invasivas y ambulatorias, las que pueden ir desde la simple extracci\u00f3n de un diente (incluyendo muelas del juicio), hasta la extirpaci\u00f3n de tumores y reconstrucciones faciales. Muchas veces trabajan de la mano con el ortodoncista para lograr un resultado est\u00e9tico en pacientes con problemas en los huesos maxilares.<\/p>\n[\/mk_fancy_title][\/vc_column][vc_column width=\u00bb1\/3&#8243;][mk_image src=\u00bb\/sitio\/wp-content\/uploads\/2019\/01\/e-odontologicas-8.png\u00bb image_size=\u00bbfull\u00bb align=\u00bbcenter\u00bb margin_bottom=\u00bb0&#8243;][\/vc_column][\/vc_row][vc_row][vc_column][vc_separator border_width=\u00bb2&#8243; css=\u00bb.vc_custom_1547584999351{margin-top: 30px !important;margin-bottom: 30px !important;}\u00bb][\/vc_column][\/vc_row][vc_row fullwidth=\u00bbtrue\u00bb fullwidth_content=\u00bbfalse\u00bb css=\u00bb.vc_custom_1548072679201{margin-top: 50px !important;}\u00bb id=\u00bbodontologogeneral\u00bb][vc_column width=\u00bb2\/3&#8243;][mk_padding_divider size=\u00bb100&#8243; visibility=\u00bbhidden-sm\u00bb][mk_fancy_title color=\u00bb#e9a63c\u00bb size=\u00bb40&#8243; font_weight=\u00bbbold\u00bb font_style=\u00bbnormal\u00bb margin_bottom=\u00bb0&#8243; font_family=\u00bbnone\u00bb]Odontolog\u00eda General[\/mk_fancy_title][mk_fancy_title color=\u00bb#9c9c9c\u00bb font_weight=\u00bb400&#8243; font_style=\u00bbnormal\u00bb margin_bottom=\u00bb0&#8243; font_family=\u00bbnone\u00bb]\n<p style=\"text-align: justify;\">En Odontolog\u00eda General se aborda de manera integral la atenci\u00f3n del paciente. Se establece un diagn\u00f3stico, plan de tratamiento y pron\u00f3stico. Es el contacto inicial en donde se realizan tratamientos primarios, deriv\u00e1ndose a especialistas en los casos que sean necesarios.<\/p>\n[\/mk_fancy_title][\/vc_column][vc_column width=\u00bb1\/3&#8243;][mk_image src=\u00bb\/sitio\/wp-content\/uploads\/2019\/01\/e-odontologicas-1.png\u00bb image_size=\u00bbfull\u00bb align=\u00bbcenter\u00bb margin_bottom=\u00bb0&#8243;][\/vc_column][\/vc_row][vc_row][vc_column][vc_separator border_width=\u00bb2&#8243; css=\u00bb.vc_custom_1547584999351{margin-top: 30px !important;margin-bottom: 30px !important;}\u00bb][\/vc_column][\/vc_row][vc_row fullwidth=\u00bbtrue\u00bb fullwidth_content=\u00bbfalse\u00bb css=\u00bb.vc_custom_1553274542571{margin-top: 35px !important;}\u00bb id=\u00bbkinemaxilo\u00bb][vc_column width=\u00bb2\/3&#8243;][mk_padding_divider size=\u00bb50&#8243;][mk_fancy_title color=\u00bb#e9a63c\u00bb size=\u00bb40&#8243; font_weight=\u00bbbold\u00bb font_style=\u00bbnormal\u00bb font_family=\u00bbnone\u00bb]Kinesiologia maxilofacial (bruxismo)[\/mk_fancy_title][mk_fancy_title color=\u00bb#9c9c9c\u00bb font_weight=\u00bb400&#8243; font_style=\u00bbnormal\u00bb margin_bottom=\u00bb0&#8243; font_family=\u00bbnone\u00bb]\n<p style=\"text-align: justify;\">Especialidad\u00a0 que es efectuada de manera multidisciplinaria junto a kinesi\u00f3logo y odont\u00f3logo. Esta orientada a prevenir,recuperar y rehabilitar todas aquellas alteraciones que no permiten comer,hablar y realizar todas las expresiones faciales,como son problemas de respiraci\u00f3n,para funciones como interposici\u00f3n lingual entre otras, cefaleas, ruidos articulares, cervialgias, neuralgias, limitaciones de apertura bucal, etc. Una patolog\u00eda frecuente que tratan kinesi\u00f3logo junto a odont\u00f3logo es el <strong>Bruxismo.<\/strong><\/p>\n[\/mk_fancy_title][\/vc_column][vc_column width=\u00bb1\/3&#8243;][mk_image src=\u00bbhttp:\/\/www.nysclinicas.cl\/sitio\/wp-content\/uploads\/2019\/03\/implante-circulo-pagina.png\u00bb image_size=\u00bbfull\u00bb align=\u00bbcenter\u00bb margin_bottom=\u00bb0&#8243;][\/vc_column][\/vc_row][vc_row id=\u00bbimagenologia\u00bb][vc_column][vc_separator border_width=\u00bb2&#8243; css=\u00bb.vc_custom_1547584999351{margin-top: 30px !important;margin-bottom: 30px !important;}\u00bb][\/vc_column][\/vc_row][vc_row fullwidth=\u00bbtrue\u00bb fullwidth_content=\u00bbfalse\u00bb css=\u00bb.vc_custom_1700498136239{margin-top: 35px !important;margin-bottom: 30px !important;}\u00bb id=\u00bbimagenologia\u00bb][vc_column width=\u00bb2\/3&#8243;][mk_padding_divider size=\u00bb50&#8243;][mk_fancy_title color=\u00bb#e9a63c\u00bb size=\u00bb40&#8243; force_font_size=\u00bbtrue\u00bb size_smallscreen=\u00bb40&#8243; size_tablet=\u00bb40&#8243; size_phone=\u00bb38&#8243; font_weight=\u00bbbold\u00bb font_style=\u00bbnormal\u00bb font_family=\u00bbnone\u00bb]Imagenolog\u00eda[\/mk_fancy_title][mk_fancy_title color=\u00bb#9c9c9c\u00bb font_weight=\u00bb400&#8243; font_style=\u00bbnormal\u00bb font_family=\u00bbnone\u00bb]\n<p style=\"text-align: justify;\">Especialidad que mediante im\u00e1genes radiogr\u00e1ficas permite estudiar y diagnosticar tejidos de cavidad bucal.<\/p>\n[\/mk_fancy_title][\/vc_column][vc_column width=\u00bb1\/3&#8243;][mk_image src=\u00bbhttp:\/\/www.nysclinicas.cl\/sitio\/wp-content\/uploads\/2019\/03\/imagenologia-circulo.png\u00bb image_size=\u00bbfull\u00bb align=\u00bbcenter\u00bb margin_bottom=\u00bb0&#8243;][\/vc_column][\/vc_row][vc_row fullwidth=\u00bbtrue\u00bb fullwidth_content=\u00bbfalse\u00bb css=\u00bb.vc_custom_1548104676529{padding-top: 25px !important;padding-bottom: 25px !important;background-image: url(\/sitio\/wp-content\/uploads\/2019\/01\/reserva-tu-hora.png?id=57) !important;background-position: center !important;background-repeat: no-repeat !important;background-size: cover !important;}\u00bb][vc_column width=\u00bb1\/4&#8243;][\/vc_column][vc_column width=\u00bb2\/4&#8243;][vc_row_inner][vc_column_inner width=\u00bb1\/3&#8243;][mk_padding_divider size=\u00bb18&#8243;][mk_image src=\u00bb\/sitio\/wp-content\/uploads\/2019\/01\/ico_reserva.png\u00bb image_size=\u00bbfull\u00bb align=\u00bbcenter\u00bb][\/vc_column_inner][vc_column_inner width=\u00bb2\/3&#8243;][mk_fancy_title color=\u00bb#ffffff\u00bb size=\u00bb60&#8243; force_font_size=\u00bbtrue\u00bb size_phone=\u00bb30&#8243; line_height=\u00bb85&#8243; font_weight=\u00bbbold\u00bb font_style=\u00bbnormal\u00bb margin_top=\u00bb30&#8243; margin_bottom=\u00bb0&#8243; font_family=\u00bbnone\u00bb el_class=\u00bbmargin0&#8243;]RESERVA[\/mk_fancy_title][mk_fancy_title color=\u00bb#ffffff\u00bb size=\u00bb60&#8243; force_font_size=\u00bbtrue\u00bb size_phone=\u00bb30&#8243; line_height=\u00bb85&#8243; font_weight=\u00bbbold\u00bb font_style=\u00bbnormal\u00bb margin_bottom=\u00bb0&#8243; font_family=\u00bbnone\u00bb]TU HORA[\/mk_fancy_title][\/vc_column_inner][\/vc_row_inner][vc_separator color=\u00bbwhite\u00bb][mk_button dimension=\u00bbflat\u00bb corner_style=\u00bbrounded\u00bb size=\u00bbx-large\u00bb url=\u00bbhttp:\/\/agendamiento.softwaredentalink.com\/agendas\/online\/aa81ed00aca8f39ee890901406ca04483badc0c3&#8243; align=\u00bbcenter\u00bb margin_bottom=\u00bb0&#8243; margin_right=\u00bb0&#8243; el_class=\u00bbfontsize\u00bb bg_color=\u00bb#ffffff\u00bb btn_hover_bg=\u00bb#00a7e1&#8243; text_color=\u00bbdark\u00bb btn_hover_txt_color=\u00bb#ffffff\u00bb]AQU\u00cd[\/mk_button][\/vc_column][vc_column width=\u00bb1\/4&#8243;][\/vc_column][\/vc_row]\n","protected":false},"excerpt":{"rendered":"<p>[vc_row][vc_column][vc_column_text][\/vc_column_text][\/vc_column][\/vc_row][vc_row fullwidth=\u00bbtrue\u00bb el_class=\u00bbcabecera\u00bb][vc_column width=\u00bb1\/6&#8243;][\/vc_column][vc_column width=\u00bb2\/6&#8243;][mk_image src=\u00bb\/sitio\/wp-content\/uploads\/2019\/01\/titulo-3.png\u00bb image_size=\u00bbfull\u00bb align=\u00bbcenter\u00bb margin_bottom=\u00bb0&#8243;][\/vc_column][vc_column width=\u00bb2\/6&#8243;][mk_padding_divider size=\u00bb95&#8243; visibility=\u00bbhidden-sm\u00bb][mk_fancy_title color=\u00bb#ffffff\u00bb size=\u00bb45&#8243; force_font_size=\u00bbtrue\u00bb size_smallscreen=\u00bb40&#8243; size_tablet=\u00bb30&#8243; size_phone=\u00bb30&#8243; font_weight=\u00bbbold\u00bb font_style=\u00bbnormal\u00bb txt_transform=\u00bbuppercase\u00bb margin_bottom=\u00bb0&#8243; font_family=\u00bbnone\u00bb align=\u00bbright\u00bb el_class=\u00bbmargin0&#8243;]Odontolog\u00eda[\/mk_fancy_title][\/vc_column][vc_column width=\u00bb1\/6&#8243;][\/vc_column][\/vc_row][vc_row][vc_column][vc_column_text][\/vc_column_text][vc_row_inner el_id=\u00bburgencias\u00bb][vc_column_inner width=\u00bb2\/3&#8243;][mk_padding_divider size=\u00bb100&#8243; visibility=\u00bbhidden-sm\u00bb][mk_fancy_title color=\u00bb#e9a63c\u00bb size=\u00bb40&#8243; font_weight=\u00bbbold\u00bb font_style=\u00bbnormal\u00bb margin_bottom=\u00bb0&#8243; font_family=\u00bbnone\u00bb]Urgencias dentales 24 hrs[\/mk_fancy_title][mk_fancy_title color=\u00bb#9c9c9c\u00bb font_weight=\u00bb400&#8243; font_style=\u00bbnormal\u00bb font_family=\u00bbnone\u00bb] Corresponde a la atenci\u00f3n de diversas patolog\u00edas bucomaxilofaciales de car\u00e1cter agudo y [&hellip;]<\/p>\n","protected":false},"author":3,"featured_media":0,"parent":0,"menu_order":0,"comment_status":"closed","ping_status":"closed","template":"","meta":{"_joinchat":[],"footnotes":""},"class_list":["post-289","page","type-page","status-publish","hentry"],"_links":{"self":[{"href":"https:\/\/www.nysclinicas.cl\/sitio\/wp-json\/wp\/v2\/pages\/289","targetHints":{"allow":["GET"]}}],"collection":[{"href":"https:\/\/www.nysclinicas.cl\/sitio\/wp-json\/wp\/v2\/pages"}],"about":[{"href":"https:\/\/www.nysclinicas.cl\/sitio\/wp-json\/wp\/v2\/types\/page"}],"author":[{"embeddable":true,"href":"https:\/\/www.nysclinicas.cl\/sitio\/wp-json\/wp\/v2\/users\/3"}],"replies":[{"embeddable":true,"href":"https:\/\/www.nysclinicas.cl\/sitio\/wp-json\/wp\/v2\/comments?post=289"}],"version-history":[{"count":82,"href":"https:\/\/www.nysclinicas.cl\/sitio\/wp-json\/wp\/v2\/pages\/289\/revisions"}],"predecessor-version":[{"id":1078,"href":"https:\/\/www.nysclinicas.cl\/sitio\/wp-json\/wp\/v2\/pages\/289\/revisions\/1078"}],"wp:attachment":[{"href":"https:\/\/www.nysclinicas.cl\/sitio\/wp-json\/wp\/v2\/media?parent=289"}],"curies":[{"name":"wp","href":"https:\/\/api.w.org\/{rel}","templated":true}]}}